{"id":11493,"date":"2024-05-15T20:19:39","date_gmt":"2024-05-15T18:19:39","guid":{"rendered":"https:\/\/www.centrointernazionalemontessori.com\/website\/?page_id=11493"},"modified":"2024-06-07T16:41:17","modified_gmt":"2024-06-07T14:41:17","slug":"la-cucina","status":"publish","type":"page","link":"https:\/\/www.centrointernazionalemontessori.com\/website\/la-cucina\/","title":{"rendered":"La cucina"},"content":{"rendered":"\t\t<div data-elementor-type=\"wp-page\" data-elementor-id=\"11493\" class=\"elementor elementor-11493\">\n\t\t\t\t\t\t<section class=\"elementor-section elementor-top-section elementor-element elementor-element-7f801516 elementor-section-height-min-height elementor-section-items-bottom elementor-section-stretched elementor-section-boxed elementor-section-height-default\" data-id=\"7f801516\" data-element_type=\"section\" data-e-type=\"section\" data-settings=\"{&quot;stretch_section&quot;:&quot;section-stretched&quot;,&quot;background_background&quot;:&quot;classic&quot;}\">\n\t\t\t\t\t\t\t<div class=\"elementor-background-overlay\"><\/div>\n\t\t\t\t\t\t\t<div class=\"elementor-container elementor-column-gap-custom\">\n\t\t\t\t\t<div class=\"elementor-column elementor-col-100 elementor-top-column elementor-element elementor-element-4ffe3f79\" data-id=\"4ffe3f79\" data-element_type=\"column\" data-e-type=\"column\">\n\t\t\t<div class=\"elementor-widget-wrap elementor-element-populated\">\n\t\t\t\t\t\t<div class=\"elementor-element elementor-element-105c3362 elementor-widget thim-ekits-heading elementor-widget-thim-heading\" data-id=\"105c3362\" data-element_type=\"widget\" data-e-type=\"widget\" data-widget_type=\"thim-heading.default\">\n\t\t\t\t<div class=\"elementor-widget-container\">\n\t\t\t\t\t<div class=\"sc_heading\"><h3 class=\"title\">La cucina <\/h3><\/div>\t\t\t\t<\/div>\n\t\t\t\t<\/div>\n\t\t\t\t\t<\/div>\n\t\t<\/div>\n\t\t\t\t\t<\/div>\n\t\t<\/section>\n\t\t\t\t<section class=\"elementor-section elementor-top-section elementor-element elementor-element-27a95ca5 elementor-section-boxed elementor-section-height-default elementor-section-height-default\" data-id=\"27a95ca5\" data-element_type=\"section\" data-e-type=\"section\">\n\t\t\t\t\t\t<div class=\"elementor-container elementor-column-gap-custom\">\n\t\t\t\t\t<div class=\"elementor-column elementor-col-100 elementor-top-column elementor-element elementor-element-d581555\" data-id=\"d581555\" data-element_type=\"column\" data-e-type=\"column\">\n\t\t\t<div class=\"elementor-widget-wrap elementor-element-populated\">\n\t\t\t\t\t\t<div class=\"elementor-element elementor-element-65fb033d elementor-widget elementor-widget-thim-ekits-breadcrumb\" data-id=\"65fb033d\" data-element_type=\"widget\" data-e-type=\"widget\" data-widget_type=\"thim-ekits-breadcrumb.default\">\n\t\t\t\t<div class=\"elementor-widget-container\">\n\t\t\t\t\t\n\t\t\t<div class=\"thim-ekit-breadcrumb\">\n\n\t\t\t\tHome\n\t\t\t<\/div>\n\n\t\t\t\t\t\t\t<\/div>\n\t\t\t\t<\/div>\n\t\t\t\t\t<\/div>\n\t\t<\/div>\n\t\t\t\t\t<\/div>\n\t\t<\/section>\n\t\t\t\t<section class=\"elementor-section elementor-top-section elementor-element elementor-element-149b56ea elementor-section-stretched elementor-section-boxed elementor-section-height-default elementor-section-height-default\" data-id=\"149b56ea\" data-element_type=\"section\" data-e-type=\"section\" data-settings=\"{&quot;stretch_section&quot;:&quot;section-stretched&quot;}\">\n\t\t\t\t\t\t<div class=\"elementor-container elementor-column-gap-no\">\n\t\t\t\t\t<div class=\"elementor-column elementor-col-66 elementor-top-column elementor-element elementor-element-2838d233\" data-id=\"2838d233\" data-element_type=\"column\" data-e-type=\"column\">\n\t\t\t<div class=\"elementor-widget-wrap elementor-element-populated\">\n\t\t\t\t\t\t<div class=\"elementor-element elementor-element-73c90a18 elementor-widget elementor-widget-text-editor\" data-id=\"73c90a18\" data-element_type=\"widget\" data-e-type=\"widget\" data-widget_type=\"text-editor.default\">\n\t\t\t\t<div class=\"elementor-widget-container\">\n\t\t\t\t\t\t\t\t\t<h5>Nell\u2019ottica montessoriana il pasto rappresenta un aspetto fondamentale del progetto pedagogico e deve puntare a promuovere autonomia nel mangiare e un sereno rapporto col cibo.\u200b<\/h5><p>Il pranzo a scuola rappresenta dunque un vero e proprio momento didattico, in cui il bambino sperimenta il proprio \u201csaper fare\u201d e il proprio \u201csaper fare da solo\u201d, ma a tavola si sperimenta anche un momento di relazione privilegiato: dal confronto con i compagni, soprattutto quelli pi\u00f9 grandi, il bambino impara, per imitazione, ad usare le posate e a comportarsi in modo adeguato a tavola. Il rapporto con gli altri favorisce infine l\u2019aiuto e lo scambio reciproco.<\/p><p>Nel momento del pranzo, cos\u00ec come nelle altre attivit\u00e0 didattiche della giornata scolastica, l\u2019insegnante \u00e8 una presenza rassicurante ma discreta, che incoraggia il bambino a mangiare in modo autonomo, ad assaggiare cibi nuovi o meno graditi e trasmette regole igieniche e orari da rispettare. In un rapporto di continuo confronto e collaborazione con la famiglia la scuola contribuisce in modo determinante ad abbattere il rifiuto verso alcuni cibi e ad ampliare le scelte alimentari del bambino indirizzandolo verso cibi salutari e nutrienti.<\/p><p>Anche le stoviglie contribuiscono al progetto pedagogico perch\u00e9 sulle tavole dei bambini del Centro Internazionale M. Montessori non compaiono piatti di plastica, ma servizi in ceramica e brocche di vetro, questo perch\u00e9, nell\u2019ottica montessoriana, il bambino deve imparare fin da subito a confrontarsi con i materiali delicati che possono rompersi e dunque a calibrare i movimenti in base all\u2019oggetto che ha di fronte.<\/p>\t\t\t\t\t\t\t\t<\/div>\n\t\t\t\t<\/div>\n\t\t\t\t<div class=\"elementor-element elementor-element-f4061d9 elementor-widget thim-ekits-heading elementor-widget-thim-heading\" data-id=\"f4061d9\" data-element_type=\"widget\" data-e-type=\"widget\" data-widget_type=\"thim-heading.default\">\n\t\t\t\t<div class=\"elementor-widget-container\">\n\t\t\t\t\t<div class=\"sc_heading\"><h3 class=\"title\">La mensa  <span class=\"thim-color\">interna<\/span><\/h3><\/div>\t\t\t\t<\/div>\n\t\t\t\t<\/div>\n\t\t\t\t<div class=\"elementor-element elementor-element-293d879 elementor-widget elementor-widget-text-editor\" data-id=\"293d879\" data-element_type=\"widget\" data-e-type=\"widget\" data-widget_type=\"text-editor.default\">\n\t\t\t\t<div class=\"elementor-widget-container\">\n\t\t\t\t\t\t\t\t\t<p>Il Centro Internazionale Montessori \u00e8 dotato di una mensa interna dove ogni giorno vengono cucinati i pasti per bambini e ragazzi.<\/p><p>La cucina espressa garantisce il gusto e la freschezza di pietanze cucinate al momento e subito servite, che possono anche essere variate in base alle esigenze individuali o nei casi di bambini allergici, intolleranti o affetti da patologie particolari.<\/p><p>I men\u00f9 proposti seguono le linee guida dettate dai professionisti sanitari della Usl Umbria1, le tabelle dietetiche tengono conto sia del fabbisogno calorico del bambino sia della stagionalit\u00e0, esse infatti variano giornalmente e in riferimento alle stagioni; i cibi sono cucinati utilizzando i metodi di cottura pi\u00f9 leggeri e salutari, capaci di preservare i nutrienti dei diversi alimenti.<\/p><p>La scuola infine, in collaborazione con i professionisti dell\u2019alimentazione, ogni giorno fornisce ai genitori dei suggerimenti per organizzare la giornata alimentare dell\u2019alunno: in base a ci\u00f2 che il bambino ha mangiato a pranzo si forniscono infatti proposte alimentari per la cena, che dovrebbe fornire il 30% delle calorie totali giornaliere.<\/p>\t\t\t\t\t\t\t\t<\/div>\n\t\t\t\t<\/div>\n\t\t\t\t<div class=\"elementor-element elementor-element-4b940920 elementor-widget thim-ekits-heading elementor-widget-thim-heading\" data-id=\"4b940920\" data-element_type=\"widget\" data-e-type=\"widget\" data-widget_type=\"thim-heading.default\">\n\t\t\t\t<div class=\"elementor-widget-container\">\n\t\t\t\t\t<div class=\"sc_heading\"><h3 class=\"title\">Consigli  <span class=\"thim-color\">ai genitori<\/span><\/h3><\/div>\t\t\t\t<\/div>\n\t\t\t\t<\/div>\n\t\t\t\t<div class=\"elementor-element elementor-element-693aee8 elementor-widget elementor-widget-text-editor\" data-id=\"693aee8\" data-element_type=\"widget\" data-e-type=\"widget\" data-widget_type=\"text-editor.default\">\n\t\t\t\t<div class=\"elementor-widget-container\">\n\t\t\t\t\t\t\t\t\t<ol><li>Variare il pi\u00f9 possibile le scelte alimentari per evitare il rischio di squilibri nutrizionali e la monotonia.<\/li><li>Alternare le fonti proteiche: carne, pesce, latticini, uova, proteine vegetali.<\/li><li>Ripartire con equilibrio le calorie giornaliere:<br \/>&#8211; Prima colazione, dovrebbe costituire circa il 15% delle calorie (Kcal) totali<br \/>&#8211; Merenda della mattina ( 5\/10% delle Kcal totali)<br \/>&#8211; Pranzo (35\/40% delle Kcal totali)<br \/>&#8211; Spuntino pomeridiano ( 5\/10% delle Kcal totali)<br \/>&#8211; Cena (30% delle Kcal totali)<\/li><li>Consumare ogni giorno frutta e verdura, ricche di vitamine, minerali, oligoelementi e fibre.<\/li><li>Limitare il consumo di zucchero, snack, dolciumi, bevande zuccherate e sale.<\/li><li>Limitare il consumo di grassi preferendo quelli di origine vegetale come l\u2019olio d\u2019oliva.<\/li><li>Assumere un\u2019adeguata quantit\u00e0 di acqua, per un bambino almeno 5 bicchieri di liquidi al giorno.<\/li><li>Incentivare i bambini ad uno stile di vita attivo.<\/li><\/ol>\t\t\t\t\t\t\t\t<\/div>\n\t\t\t\t<\/div>\n\t\t\t\t<div class=\"elementor-element elementor-element-65526cb elementor-widget thim-ekits-heading elementor-widget-thim-heading\" data-id=\"65526cb\" data-element_type=\"widget\" data-e-type=\"widget\" data-widget_type=\"thim-heading.default\">\n\t\t\t\t<div class=\"elementor-widget-container\">\n\t\t\t\t\t<div class=\"sc_heading\"><h3 class=\"title\">5 porzioni al giorno  <span class=\"thim-color\">di frutta e verdura<\/span><\/h3><\/div>\t\t\t\t<\/div>\n\t\t\t\t<\/div>\n\t\t\t\t<div class=\"elementor-element elementor-element-d743f34 elementor-widget elementor-widget-text-editor\" data-id=\"d743f34\" data-element_type=\"widget\" data-e-type=\"widget\" data-widget_type=\"text-editor.default\">\n\t\t\t\t<div class=\"elementor-widget-container\">\n\t\t\t\t\t\t\t\t\t<p><strong>Colazione:<\/strong> una spremuta o un frullato<\/p><p><strong>Spuntino di met\u00e0 mattina:<\/strong> un frutto<\/p><p><strong>Pranzo:<\/strong> un contorno e un frutto<\/p><p><strong>Merenda:<\/strong> un frutto<\/p><p><strong>Cena:<\/strong> un contorno e un frutto<\/p>\t\t\t\t\t\t\t\t<\/div>\n\t\t\t\t<\/div>\n\t\t\t\t<div class=\"elementor-element elementor-element-60012812 elementor-widget thim-ekits-heading elementor-widget-thim-heading\" data-id=\"60012812\" data-element_type=\"widget\" data-e-type=\"widget\" data-widget_type=\"thim-heading.default\">\n\t\t\t\t<div class=\"elementor-widget-container\">\n\t\t\t\t\t<div class=\"sc_heading\"><h3 class=\"title\">Articoli correlati <\/h3><span class=\"line\"><\/span><\/div>\t\t\t\t<\/div>\n\t\t\t\t<\/div>\n\t\t\t\t<div class=\"elementor-element elementor-element-6e3b31d8 feature-one-post-no thim-ekits-post__thumbnail-position-top elementor-widget elementor-widget-thim-ekits-list-blog\" data-id=\"6e3b31d8\" data-element_type=\"widget\" data-e-type=\"widget\" data-widget_type=\"thim-ekits-list-blog.default\">\n\t\t\t\t<div class=\"elementor-widget-container\">\n\t\t\t\t\t\t\t\t<div class=\"thim-ekits-post\">\n\t\t\t\t<div class=\"thim-ekits-post__inner\">\n\t\t\t\t\t\t\t<div class=\"thim-ekits-post__article post-11718 post type-post status-publish format-standard has-post-thumbnail hentry category-cucina tag-allergeni-alimentari-it\">\n\t\t\t\t\t\t\t\t\t<div class=\"thim-ekits-post__thumbnail\">\n\t\t\t<a class=\"post-thumbnail\"\n\t\t\t   href=\"https:\/\/www.centrointernazionalemontessori.com\/website\/gli-allergeni-alimentari\/\" >\n\t\t\t\t<img fetchpriority=\"high\" decoding=\"async\" width=\"980\" height=\"650\" src=\"https:\/\/www.centrointernazionalemontessori.com\/website\/wp-content\/uploads\/2024\/05\/allergeni.jpg\" class=\"attachment-full size-full wp-image-11720\" alt=\"\" srcset=\"https:\/\/www.centrointernazionalemontessori.com\/website\/wp-content\/uploads\/2024\/05\/allergeni.jpg 980w, https:\/\/www.centrointernazionalemontessori.com\/website\/wp-content\/uploads\/2024\/05\/allergeni-300x200.jpg 300w, https:\/\/www.centrointernazionalemontessori.com\/website\/wp-content\/uploads\/2024\/05\/allergeni-768x509.jpg 768w, https:\/\/www.centrointernazionalemontessori.com\/website\/wp-content\/uploads\/2024\/05\/allergeni-600x398.jpg 600w\" sizes=\"(max-width: 980px) 100vw, 980px\" \/><i aria-hidden=\"true\" class=\"tk tk-alternate-external-link\"><\/i>\t\t\t<\/a>\n\t\t\t\t\t<\/div>\n\t\t\n\t\t\t\t\t\t<div class=\"thim-ekits-post__content\">\n\t\t\t\t<h3 class=\"thim-ekits-post__title\">\n\t\t<a href=\"https:\/\/www.centrointernazionalemontessori.com\/website\/gli-allergeni-alimentari\/\" >\n\t\t\tGli allergeni alimentari\t\t<\/a>\n\t\t<\/h3>\n\t\t\n\t\t<div class=\"thim-ekits-post__excerpt\">\n\t\t\tRegolamento UE N: 1169\/2011 - ALLEGATO II: Sostanze o prodotti che provocano allergie o intolleranze\t\t<\/div>\n\n\t\t\t\t<\/div>\n\t\t\t\t\t\t\t<\/div>\n\t\t\t\t<div class=\"thim-ekits-post__article post-11604 post type-post status-publish format-standard has-post-thumbnail hentry category-cucina\">\n\t\t\t\t\t\t\t\t\t<div class=\"thim-ekits-post__thumbnail\">\n\t\t\t<a class=\"post-thumbnail\"\n\t\t\t   href=\"https:\/\/www.centrointernazionalemontessori.com\/website\/menu-autunno-inverno\/\" >\n\t\t\t\t<img decoding=\"async\" width=\"980\" height=\"650\" src=\"https:\/\/www.centrointernazionalemontessori.com\/website\/wp-content\/uploads\/2024\/05\/menu-inverno.jpg\" class=\"attachment-full size-full wp-image-11697\" alt=\"\" srcset=\"https:\/\/www.centrointernazionalemontessori.com\/website\/wp-content\/uploads\/2024\/05\/menu-inverno.jpg 980w, https:\/\/www.centrointernazionalemontessori.com\/website\/wp-content\/uploads\/2024\/05\/menu-inverno-300x200.jpg 300w, https:\/\/www.centrointernazionalemontessori.com\/website\/wp-content\/uploads\/2024\/05\/menu-inverno-768x509.jpg 768w, https:\/\/www.centrointernazionalemontessori.com\/website\/wp-content\/uploads\/2024\/05\/menu-inverno-600x398.jpg 600w\" sizes=\"(max-width: 980px) 100vw, 980px\" \/><i aria-hidden=\"true\" class=\"tk tk-alternate-external-link\"><\/i>\t\t\t<\/a>\n\t\t\t\t\t<\/div>\n\t\t\n\t\t\t\t\t\t<div class=\"thim-ekits-post__content\">\n\t\t\t\t<h3 class=\"thim-ekits-post__title\">\n\t\t<a href=\"https:\/\/www.centrointernazionalemontessori.com\/website\/menu-autunno-inverno\/\" >\n\t\t\tMen\u00f9 autunno-inverno\t\t<\/a>\n\t\t<\/h3>\n\t\t\n\t\t<div class=\"thim-ekits-post__excerpt\">\n\t\t\tPrima settimana Spuntino ore 10.00: frutta fresca di stagione Luned\u00ec Marted\u00ec Mercoled\u00ec Gioved\u00ec Venerd\u00ec Pasta al pomodoro 1 9 Pasta olio e salvia con cannellini...\t\t<\/div>\n\n\t\t\t\t<\/div>\n\t\t\t\t\t\t\t<\/div>\n\t\t\t\t<div class=\"thim-ekits-post__article post-11512 post type-post status-publish format-standard has-post-thumbnail hentry category-cucina\">\n\t\t\t\t\t\t\t\t\t<div class=\"thim-ekits-post__thumbnail\">\n\t\t\t<a class=\"post-thumbnail\"\n\t\t\t   href=\"https:\/\/www.centrointernazionalemontessori.com\/website\/menu-primavera-estate\/\" >\n\t\t\t\t<img decoding=\"async\" width=\"980\" height=\"650\" src=\"https:\/\/www.centrointernazionalemontessori.com\/website\/wp-content\/uploads\/2024\/05\/menu-estate.jpg\" class=\"attachment-full size-full wp-image-11696\" alt=\"\" srcset=\"https:\/\/www.centrointernazionalemontessori.com\/website\/wp-content\/uploads\/2024\/05\/menu-estate.jpg 980w, https:\/\/www.centrointernazionalemontessori.com\/website\/wp-content\/uploads\/2024\/05\/menu-estate-300x200.jpg 300w, https:\/\/www.centrointernazionalemontessori.com\/website\/wp-content\/uploads\/2024\/05\/menu-estate-768x509.jpg 768w, https:\/\/www.centrointernazionalemontessori.com\/website\/wp-content\/uploads\/2024\/05\/menu-estate-600x398.jpg 600w\" sizes=\"(max-width: 980px) 100vw, 980px\" \/><i aria-hidden=\"true\" class=\"tk tk-alternate-external-link\"><\/i>\t\t\t<\/a>\n\t\t\t\t\t<\/div>\n\t\t\n\t\t\t\t\t\t<div class=\"thim-ekits-post__content\">\n\t\t\t\t<h3 class=\"thim-ekits-post__title\">\n\t\t<a href=\"https:\/\/www.centrointernazionalemontessori.com\/website\/menu-primavera-estate\/\" >\n\t\t\tMen\u00f9 primavera-estate\t\t<\/a>\n\t\t<\/h3>\n\t\t\n\t\t<div class=\"thim-ekits-post__excerpt\">\n\t\t\tPrima settimana Spuntino ore 10.00: frutta fresca di stagione Luned\u00ec Marted\u00ec Mercoled\u00ec Gioved\u00ec Venerd\u00ec Insalata di farro e verdure dadolate 1 Pasta in bianco 1...\t\t<\/div>\n\n\t\t\t\t<\/div>\n\t\t\t\t\t\t\t<\/div>\n\t\t\t\t\t\t<\/div>\n\t\t\t<\/div>\n\n\t\t\t\t\t\t\t<\/div>\n\t\t\t\t<\/div>\n\t\t\t\t\t<\/div>\n\t\t<\/div>\n\t\t\t\t<div class=\"elementor-column elementor-col-33 elementor-top-column elementor-element elementor-element-152af92f\" data-id=\"152af92f\" data-element_type=\"column\" data-e-type=\"column\">\n\t\t\t<div class=\"elementor-widget-wrap elementor-element-populated\">\n\t\t\t\t\t\t<section class=\"elementor-section elementor-inner-section elementor-element elementor-element-24aef8d8 elementor-section-boxed elementor-section-height-default elementor-section-height-default\" data-id=\"24aef8d8\" data-element_type=\"section\" data-e-type=\"section\">\n\t\t\t\t\t\t<div class=\"elementor-container elementor-column-gap-custom\">\n\t\t\t\t\t<div class=\"elementor-column elementor-col-100 elementor-inner-column elementor-element elementor-element-552f29cb\" data-id=\"552f29cb\" data-element_type=\"column\" data-e-type=\"column\">\n\t\t\t<div class=\"elementor-widget-wrap elementor-element-populated\">\n\t\t\t\t\t\t<div class=\"elementor-element elementor-element-48773c0d elementor-widget thim-ekits-heading elementor-widget-thim-heading\" data-id=\"48773c0d\" data-element_type=\"widget\" data-e-type=\"widget\" data-widget_type=\"thim-heading.default\">\n\t\t\t\t<div class=\"elementor-widget-container\">\n\t\t\t\t\t<div class=\"sc_heading\"><h3 class=\"title\">Organico <\/h3><\/div>\t\t\t\t<\/div>\n\t\t\t\t<\/div>\n\t\t\t\t<div class=\"elementor-element elementor-element-702f8c06 elementor-widget elementor-widget-thim-ekits-header-info\" data-id=\"702f8c06\" data-element_type=\"widget\" data-e-type=\"widget\" data-widget_type=\"thim-ekits-header-info.default\">\n\t\t\t\t<div class=\"elementor-widget-container\">\n\t\t\t\t\t\t\t<div class=\"header-info-swapper\">\n\t\t\t<ul class=\"thim-header-info\">\n\t\t\t\t\t\t\t\t\t\t<li>\n\t\t\t\t\t\t\t\t\t\t\t\t\t\t<a href=\"\/website\/i-nostri-docenti\/\" target=\"_blank\" rel=\"nofollow\">\n\t\t\t\t\t\t\t\t\t\t\t\t\t\t\t\t\n\t\t\t\t\t\t\t\tDocenti\n\t\t\t\t\t\t\t\t\t\t\t\t\t\t\t<\/a>\n\t\t\t\t\t\t\t\t\t\t\t\t<\/li>\n\t\t\t\t\t\t\t\t\t\t\t\t<li>\n\t\t\t\t\t\t\t\t\t\t\t\t\t\t<a href=\"\/website\/i-nostri-maestri\/\" target=\"_blank\" rel=\"nofollow\">\n\t\t\t\t\t\t\t\t\t\t\t\t\t\t\t\t\n\t\t\t\t\t\t\t\tMaestri\n\t\t\t\t\t\t\t\t\t\t\t\t\t\t\t<\/a>\n\t\t\t\t\t\t\t\t\t\t\t\t<\/li>\n\t\t\t\t\t\t\t\t\t\t\t\t<li>\n\t\t\t\t\t\t\t\t\t\t\t\t\t\t<a href=\"\/website\/i-nostri-educatori\/\" target=\"_blank\" rel=\"nofollow\">\n\t\t\t\t\t\t\t\t\t\t\t\t\t\t\t\t\n\t\t\t\t\t\t\t\tEducatori\n\t\t\t\t\t\t\t\t\t\t\t\t\t\t\t<\/a>\n\t\t\t\t\t\t\t\t\t\t\t\t<\/li>\n\t\t\t\t\t\t\t\t\t\t\t\t<li>\n\t\t\t\t\t\t\t\t\t\t\t\t\t\t<a href=\"\/website\/la-segreteria\/\" target=\"_blank\" rel=\"nofollow\">\n\t\t\t\t\t\t\t\t\t\t\t\t\t\t\t\t\n\t\t\t\t\t\t\t\tSegreteria\n\t\t\t\t\t\t\t\t\t\t\t\t\t\t\t<\/a>\n\t\t\t\t\t\t\t\t\t\t\t\t<\/li>\n\t\t\t\t\t\t\t\t\t<\/ul>\n\t\t<\/div>\n\t\t\t\t\t\t<\/div>\n\t\t\t\t<\/div>\n\t\t\t\t\t<\/div>\n\t\t<\/div>\n\t\t\t\t\t<\/div>\n\t\t<\/section>\n\t\t\t\t<section class=\"elementor-section elementor-inner-section elementor-element elementor-element-6e4c8a4a elementor-section-boxed elementor-section-height-default elementor-section-height-default\" data-id=\"6e4c8a4a\" data-element_type=\"section\" data-e-type=\"section\">\n\t\t\t\t\t\t<div class=\"elementor-container elementor-column-gap-custom\">\n\t\t\t\t\t<div class=\"elementor-column elementor-col-100 elementor-inner-column elementor-element elementor-element-5196b6b7\" data-id=\"5196b6b7\" data-element_type=\"column\" data-e-type=\"column\">\n\t\t\t<div class=\"elementor-widget-wrap elementor-element-populated\">\n\t\t\t\t\t\t<div class=\"elementor-element elementor-element-2882b735 elementor-widget thim-ekits-heading elementor-widget-thim-heading\" data-id=\"2882b735\" data-element_type=\"widget\" data-e-type=\"widget\" data-widget_type=\"thim-heading.default\">\n\t\t\t\t<div class=\"elementor-widget-container\">\n\t\t\t\t\t<div class=\"sc_heading\"><h3 class=\"title\">Ultime notizie <\/h3><\/div>\t\t\t\t<\/div>\n\t\t\t\t<\/div>\n\t\t\t\t<div class=\"elementor-element elementor-element-67be6c21 thim-ekits-post__thumbnail-position-left feature-one-post-no elementor-widget elementor-widget-thim-ekits-list-blog\" data-id=\"67be6c21\" data-element_type=\"widget\" data-e-type=\"widget\" data-widget_type=\"thim-ekits-list-blog.default\">\n\t\t\t\t<div class=\"elementor-widget-container\">\n\t\t\t\t\t\t\t\t<div class=\"thim-ekits-post\">\n\t\t\t\t<div class=\"thim-ekits-post__inner\">\n\t\t\t\t\t\t\t<div class=\"thim-ekits-post__article post-128 post type-post status-publish format-standard has-post-thumbnail hentry category-eventi tag-open-days\">\n\t\t\t\t\t\t\t\t\t<div class=\"thim-ekits-post__thumbnail\">\n\t\t\t<a class=\"post-thumbnail\"\n\t\t\t   href=\"https:\/\/www.centrointernazionalemontessori.com\/website\/open-day\/\" >\n\t\t\t\t<img loading=\"lazy\" decoding=\"async\" width=\"980\" height=\"650\" src=\"https:\/\/www.centrointernazionalemontessori.com\/website\/wp-content\/uploads\/2022\/05\/open-days.jpg\" class=\"attachment-full size-full wp-image-12146\" alt=\"\" srcset=\"https:\/\/www.centrointernazionalemontessori.com\/website\/wp-content\/uploads\/2022\/05\/open-days.jpg 980w, https:\/\/www.centrointernazionalemontessori.com\/website\/wp-content\/uploads\/2022\/05\/open-days-300x200.jpg 300w, https:\/\/www.centrointernazionalemontessori.com\/website\/wp-content\/uploads\/2022\/05\/open-days-768x509.jpg 768w, https:\/\/www.centrointernazionalemontessori.com\/website\/wp-content\/uploads\/2022\/05\/open-days-600x398.jpg 600w\" sizes=\"(max-width: 980px) 100vw, 980px\" \/>\t\t\t<\/a>\n\t\t\t\t\t<\/div>\n\t\t\n\t\t\t\t\t\t<div class=\"thim-ekits-post__content\">\n\t\t\t\t<h3 class=\"thim-ekits-post__title\">\n\t\t<a href=\"https:\/\/www.centrointernazionalemontessori.com\/website\/open-day\/\" >\n\t\t\tPartecipa ai nostri open day\t\t<\/a>\n\t\t<\/h3>\n\t\t\t\t<\/div>\n\t\t\t\t\t\t\t<\/div>\n\t\t\t\t<div class=\"thim-ekits-post__article post-13480 post type-post status-publish format-standard has-post-thumbnail hentry category-eventi tag-15-maggio tag-documenti tag-licei\">\n\t\t\t\t\t\t\t\t\t<div class=\"thim-ekits-post__thumbnail\">\n\t\t\t<a class=\"post-thumbnail\"\n\t\t\t   href=\"https:\/\/www.centrointernazionalemontessori.com\/website\/nuovi-documenti-informativi-licei\/\" >\n\t\t\t\t<img loading=\"lazy\" decoding=\"async\" width=\"980\" height=\"650\" src=\"https:\/\/www.centrointernazionalemontessori.com\/website\/wp-content\/uploads\/2024\/05\/liceo-classico.jpg\" class=\"attachment-full size-full wp-image-11759\" alt=\"\" srcset=\"https:\/\/www.centrointernazionalemontessori.com\/website\/wp-content\/uploads\/2024\/05\/liceo-classico.jpg 980w, https:\/\/www.centrointernazionalemontessori.com\/website\/wp-content\/uploads\/2024\/05\/liceo-classico-300x200.jpg 300w, https:\/\/www.centrointernazionalemontessori.com\/website\/wp-content\/uploads\/2024\/05\/liceo-classico-768x509.jpg 768w, https:\/\/www.centrointernazionalemontessori.com\/website\/wp-content\/uploads\/2024\/05\/liceo-classico-600x398.jpg 600w\" sizes=\"(max-width: 980px) 100vw, 980px\" \/>\t\t\t<\/a>\n\t\t\t\t\t<\/div>\n\t\t\n\t\t\t\t\t\t<div class=\"thim-ekits-post__content\">\n\t\t\t\t<h3 class=\"thim-ekits-post__title\">\n\t\t<a href=\"https:\/\/www.centrointernazionalemontessori.com\/website\/nuovi-documenti-informativi-licei\/\" >\n\t\t\tNuovi documenti informativi Licei\t\t<\/a>\n\t\t<\/h3>\n\t\t\t\t<\/div>\n\t\t\t\t\t\t\t<\/div>\n\t\t\t\t<div class=\"thim-ekits-post__article post-12343 post type-post status-publish format-standard has-post-thumbnail hentry category-eventi\">\n\t\t\t\t\t\t\t\t\t<div class=\"thim-ekits-post__thumbnail\">\n\t\t\t<a class=\"post-thumbnail\"\n\t\t\t   href=\"https:\/\/www.centrointernazionalemontessori.com\/website\/studente-per-un-giorno\/\" >\n\t\t\t\t<img loading=\"lazy\" decoding=\"async\" width=\"980\" height=\"650\" src=\"https:\/\/www.centrointernazionalemontessori.com\/website\/wp-content\/uploads\/2024\/05\/studente-per-un-giorno.jpg\" class=\"attachment-full size-full wp-image-12344\" alt=\"Studente per un giorno\" srcset=\"https:\/\/www.centrointernazionalemontessori.com\/website\/wp-content\/uploads\/2024\/05\/studente-per-un-giorno.jpg 980w, https:\/\/www.centrointernazionalemontessori.com\/website\/wp-content\/uploads\/2024\/05\/studente-per-un-giorno-300x200.jpg 300w, https:\/\/www.centrointernazionalemontessori.com\/website\/wp-content\/uploads\/2024\/05\/studente-per-un-giorno-768x509.jpg 768w, https:\/\/www.centrointernazionalemontessori.com\/website\/wp-content\/uploads\/2024\/05\/studente-per-un-giorno-600x398.jpg 600w\" sizes=\"(max-width: 980px) 100vw, 980px\" \/>\t\t\t<\/a>\n\t\t\t\t\t<\/div>\n\t\t\n\t\t\t\t\t\t<div class=\"thim-ekits-post__content\">\n\t\t\t\t<h3 class=\"thim-ekits-post__title\">\n\t\t<a href=\"https:\/\/www.centrointernazionalemontessori.com\/website\/studente-per-un-giorno\/\" >\n\t\t\tStudente per un giorno\t\t<\/a>\n\t\t<\/h3>\n\t\t\t\t<\/div>\n\t\t\t\t\t\t\t<\/div>\n\t\t\t\t<div class=\"thim-ekits-post__article post-54 post type-post status-publish format-standard has-post-thumbnail hentry category-eventi category-sport\">\n\t\t\t\t\t\t\t\t\t<div class=\"thim-ekits-post__thumbnail\">\n\t\t\t<a class=\"post-thumbnail\"\n\t\t\t   href=\"https:\/\/www.centrointernazionalemontessori.com\/website\/giornate-dello-sport\/\" >\n\t\t\t\t<img loading=\"lazy\" decoding=\"async\" width=\"980\" height=\"650\" src=\"https:\/\/www.centrointernazionalemontessori.com\/website\/wp-content\/uploads\/2022\/08\/giornate-sport.jpg\" class=\"attachment-full size-full wp-image-11702\" alt=\"\" srcset=\"https:\/\/www.centrointernazionalemontessori.com\/website\/wp-content\/uploads\/2022\/08\/giornate-sport.jpg 980w, https:\/\/www.centrointernazionalemontessori.com\/website\/wp-content\/uploads\/2022\/08\/giornate-sport-300x200.jpg 300w, https:\/\/www.centrointernazionalemontessori.com\/website\/wp-content\/uploads\/2022\/08\/giornate-sport-768x509.jpg 768w, https:\/\/www.centrointernazionalemontessori.com\/website\/wp-content\/uploads\/2022\/08\/giornate-sport-600x398.jpg 600w\" sizes=\"(max-width: 980px) 100vw, 980px\" \/>\t\t\t<\/a>\n\t\t\t\t\t<\/div>\n\t\t\n\t\t\t\t\t\t<div class=\"thim-ekits-post__content\">\n\t\t\t\t<h3 class=\"thim-ekits-post__title\">\n\t\t<a href=\"https:\/\/www.centrointernazionalemontessori.com\/website\/giornate-dello-sport\/\" >\n\t\t\tGli eventi sportivi della nostra scuola\t\t<\/a>\n\t\t<\/h3>\n\t\t\t\t<\/div>\n\t\t\t\t\t\t\t<\/div>\n\t\t\t\t\t\t<\/div>\n\t\t\t<\/div>\n\n\t\t\t\t\t\t\t<\/div>\n\t\t\t\t<\/div>\n\t\t\t\t\t<\/div>\n\t\t<\/div>\n\t\t\t\t\t<\/div>\n\t\t<\/section>\n\t\t\t\t\t<\/div>\n\t\t<\/div>\n\t\t\t\t\t<\/div>\n\t\t<\/section>\n\t\t\t\t<\/div>\n\t\t","protected":false},"excerpt":{"rendered":"<p>La cucina Home Nell\u2019ottica montessoriana il pasto rappresenta un aspetto fondamentale del progetto pedagogico e deve puntare a promuovere autonomia nel mangiare e un sereno rapporto col cibo.\u200b Il pranzo a scuola rappresenta dunque un vero e proprio momento didattico, &hellip; <\/p>\n","protected":false},"author":1,"featured_media":0,"parent":0,"menu_order":0,"comment_status":"closed","ping_status":"closed","template":"elementor_header_footer","meta":{"footnotes":""},"class_list":["post-11493","page","type-page","status-publish","hentry"],"yoast_head":"<!-- This site is optimized with the Yoast SEO plugin v27.4 - https:\/\/yoast.com\/product\/yoast-seo-wordpress\/ -->\n<title>La cucina - Centro Internazionale Maria Montessori Perugia<\/title>\n<meta name=\"robots\" content=\"index, follow, max-snippet:-1, max-image-preview:large, max-video-preview:-1\" \/>\n<link rel=\"canonical\" href=\"https:\/\/www.centrointernazionalemontessori.com\/website\/la-cucina\/\" \/>\n<meta property=\"og:locale\" content=\"it_IT\" \/>\n<meta property=\"og:type\" content=\"article\" \/>\n<meta property=\"og:title\" content=\"La cucina - Centro Internazionale Maria Montessori Perugia\" \/>\n<meta property=\"og:description\" content=\"La cucina Home Nell\u2019ottica montessoriana il pasto rappresenta un aspetto fondamentale del progetto pedagogico e deve puntare a promuovere autonomia nel mangiare e un sereno rapporto col cibo.\u200b Il pranzo a scuola rappresenta dunque un vero e proprio momento didattico, &hellip;\" \/>\n<meta property=\"og:url\" content=\"https:\/\/www.centrointernazionalemontessori.com\/website\/la-cucina\/\" \/>\n<meta property=\"og:site_name\" content=\"Centro Internazionale Maria Montessori Perugia\" \/>\n<meta property=\"article:publisher\" content=\"https:\/\/www.facebook.com\/centromontessoriperugia\" \/>\n<meta property=\"article:modified_time\" content=\"2024-06-07T14:41:17+00:00\" \/>\n<meta property=\"og:image\" content=\"https:\/\/www.centrointernazionalemontessori.com\/website\/wp-content\/uploads\/2024\/05\/allergeni.jpg\" \/>\n<meta name=\"twitter:card\" content=\"summary_large_image\" \/>\n<meta name=\"twitter:label1\" content=\"Tempo di lettura stimato\" \/>\n\t<meta name=\"twitter:data1\" content=\"3 minuti\" \/>\n<script type=\"application\/ld+json\" class=\"yoast-schema-graph\">{\"@context\":\"https:\\\/\\\/schema.org\",\"@graph\":[{\"@type\":\"WebPage\",\"@id\":\"https:\\\/\\\/www.centrointernazionalemontessori.com\\\/website\\\/la-cucina\\\/\",\"url\":\"https:\\\/\\\/www.centrointernazionalemontessori.com\\\/website\\\/la-cucina\\\/\",\"name\":\"La cucina - Centro Internazionale Maria Montessori Perugia\",\"isPartOf\":{\"@id\":\"https:\\\/\\\/www.centrointernazionalemontessori.com\\\/website\\\/#website\"},\"primaryImageOfPage\":{\"@id\":\"https:\\\/\\\/www.centrointernazionalemontessori.com\\\/website\\\/la-cucina\\\/#primaryimage\"},\"image\":{\"@id\":\"https:\\\/\\\/www.centrointernazionalemontessori.com\\\/website\\\/la-cucina\\\/#primaryimage\"},\"thumbnailUrl\":\"https:\\\/\\\/www.centrointernazionalemontessori.com\\\/website\\\/wp-content\\\/uploads\\\/2024\\\/05\\\/allergeni.jpg\",\"datePublished\":\"2024-05-15T18:19:39+00:00\",\"dateModified\":\"2024-06-07T14:41:17+00:00\",\"breadcrumb\":{\"@id\":\"https:\\\/\\\/www.centrointernazionalemontessori.com\\\/website\\\/la-cucina\\\/#breadcrumb\"},\"inLanguage\":\"it-IT\",\"potentialAction\":[{\"@type\":\"ReadAction\",\"target\":[\"https:\\\/\\\/www.centrointernazionalemontessori.com\\\/website\\\/la-cucina\\\/\"]}]},{\"@type\":\"ImageObject\",\"inLanguage\":\"it-IT\",\"@id\":\"https:\\\/\\\/www.centrointernazionalemontessori.com\\\/website\\\/la-cucina\\\/#primaryimage\",\"url\":\"https:\\\/\\\/www.centrointernazionalemontessori.com\\\/website\\\/wp-content\\\/uploads\\\/2024\\\/05\\\/allergeni.jpg\",\"contentUrl\":\"https:\\\/\\\/www.centrointernazionalemontessori.com\\\/website\\\/wp-content\\\/uploads\\\/2024\\\/05\\\/allergeni.jpg\",\"width\":980,\"height\":650},{\"@type\":\"BreadcrumbList\",\"@id\":\"https:\\\/\\\/www.centrointernazionalemontessori.com\\\/website\\\/la-cucina\\\/#breadcrumb\",\"itemListElement\":[{\"@type\":\"ListItem\",\"position\":1,\"name\":\"Home\",\"item\":\"https:\\\/\\\/www.centrointernazionalemontessori.com\\\/website\\\/\"},{\"@type\":\"ListItem\",\"position\":2,\"name\":\"La cucina\"}]},{\"@type\":\"WebSite\",\"@id\":\"https:\\\/\\\/www.centrointernazionalemontessori.com\\\/website\\\/#website\",\"url\":\"https:\\\/\\\/www.centrointernazionalemontessori.com\\\/website\\\/\",\"name\":\"Centro Internazionale Maria Montessori Perugia\",\"description\":\"Scuola paritaria bilingue\",\"publisher\":{\"@id\":\"https:\\\/\\\/www.centrointernazionalemontessori.com\\\/website\\\/#organization\"},\"potentialAction\":[{\"@type\":\"SearchAction\",\"target\":{\"@type\":\"EntryPoint\",\"urlTemplate\":\"https:\\\/\\\/www.centrointernazionalemontessori.com\\\/website\\\/?s={search_term_string}\"},\"query-input\":{\"@type\":\"PropertyValueSpecification\",\"valueRequired\":true,\"valueName\":\"search_term_string\"}}],\"inLanguage\":\"it-IT\"},{\"@type\":\"Organization\",\"@id\":\"https:\\\/\\\/www.centrointernazionalemontessori.com\\\/website\\\/#organization\",\"name\":\"Centro Internazionale Maria Montessori Perugia\",\"url\":\"https:\\\/\\\/www.centrointernazionalemontessori.com\\\/website\\\/\",\"logo\":{\"@type\":\"ImageObject\",\"inLanguage\":\"it-IT\",\"@id\":\"https:\\\/\\\/www.centrointernazionalemontessori.com\\\/website\\\/#\\\/schema\\\/logo\\\/image\\\/\",\"url\":\"https:\\\/\\\/www.centrointernazionalemontessori.com\\\/website\\\/wp-content\\\/uploads\\\/2024\\\/03\\\/logo-web.png\",\"contentUrl\":\"https:\\\/\\\/www.centrointernazionalemontessori.com\\\/website\\\/wp-content\\\/uploads\\\/2024\\\/03\\\/logo-web.png\",\"width\":500,\"height\":500,\"caption\":\"Centro Internazionale Maria Montessori Perugia\"},\"image\":{\"@id\":\"https:\\\/\\\/www.centrointernazionalemontessori.com\\\/website\\\/#\\\/schema\\\/logo\\\/image\\\/\"},\"sameAs\":[\"https:\\\/\\\/www.facebook.com\\\/centromontessoriperugia\",\"https:\\\/\\\/www.instagram.com\\\/centrointernazionalemontessori\\\/\",\"https:\\\/\\\/www.youtube.com\\\/@ScuolaMontessoriPg\"]}]}<\/script>\n<!-- \/ Yoast SEO plugin. -->","yoast_head_json":{"title":"La cucina - Centro Internazionale Maria Montessori Perugia","robots":{"index":"index","follow":"follow","max-snippet":"max-snippet:-1","max-image-preview":"max-image-preview:large","max-video-preview":"max-video-preview:-1"},"canonical":"https:\/\/www.centrointernazionalemontessori.com\/website\/la-cucina\/","og_locale":"it_IT","og_type":"article","og_title":"La cucina - Centro Internazionale Maria Montessori Perugia","og_description":"La cucina Home Nell\u2019ottica montessoriana il pasto rappresenta un aspetto fondamentale del progetto pedagogico e deve puntare a promuovere autonomia nel mangiare e un sereno rapporto col cibo.\u200b Il pranzo a scuola rappresenta dunque un vero e proprio momento didattico, &hellip;","og_url":"https:\/\/www.centrointernazionalemontessori.com\/website\/la-cucina\/","og_site_name":"Centro Internazionale Maria Montessori Perugia","article_publisher":"https:\/\/www.facebook.com\/centromontessoriperugia","article_modified_time":"2024-06-07T14:41:17+00:00","og_image":[{"url":"https:\/\/www.centrointernazionalemontessori.com\/website\/wp-content\/uploads\/2024\/05\/allergeni.jpg","type":"","width":"","height":""}],"twitter_card":"summary_large_image","twitter_misc":{"Tempo di lettura stimato":"3 minuti"},"schema":{"@context":"https:\/\/schema.org","@graph":[{"@type":"WebPage","@id":"https:\/\/www.centrointernazionalemontessori.com\/website\/la-cucina\/","url":"https:\/\/www.centrointernazionalemontessori.com\/website\/la-cucina\/","name":"La cucina - Centro Internazionale Maria Montessori Perugia","isPartOf":{"@id":"https:\/\/www.centrointernazionalemontessori.com\/website\/#website"},"primaryImageOfPage":{"@id":"https:\/\/www.centrointernazionalemontessori.com\/website\/la-cucina\/#primaryimage"},"image":{"@id":"https:\/\/www.centrointernazionalemontessori.com\/website\/la-cucina\/#primaryimage"},"thumbnailUrl":"https:\/\/www.centrointernazionalemontessori.com\/website\/wp-content\/uploads\/2024\/05\/allergeni.jpg","datePublished":"2024-05-15T18:19:39+00:00","dateModified":"2024-06-07T14:41:17+00:00","breadcrumb":{"@id":"https:\/\/www.centrointernazionalemontessori.com\/website\/la-cucina\/#breadcrumb"},"inLanguage":"it-IT","potentialAction":[{"@type":"ReadAction","target":["https:\/\/www.centrointernazionalemontessori.com\/website\/la-cucina\/"]}]},{"@type":"ImageObject","inLanguage":"it-IT","@id":"https:\/\/www.centrointernazionalemontessori.com\/website\/la-cucina\/#primaryimage","url":"https:\/\/www.centrointernazionalemontessori.com\/website\/wp-content\/uploads\/2024\/05\/allergeni.jpg","contentUrl":"https:\/\/www.centrointernazionalemontessori.com\/website\/wp-content\/uploads\/2024\/05\/allergeni.jpg","width":980,"height":650},{"@type":"BreadcrumbList","@id":"https:\/\/www.centrointernazionalemontessori.com\/website\/la-cucina\/#breadcrumb","itemListElement":[{"@type":"ListItem","position":1,"name":"Home","item":"https:\/\/www.centrointernazionalemontessori.com\/website\/"},{"@type":"ListItem","position":2,"name":"La cucina"}]},{"@type":"WebSite","@id":"https:\/\/www.centrointernazionalemontessori.com\/website\/#website","url":"https:\/\/www.centrointernazionalemontessori.com\/website\/","name":"Centro Internazionale Maria Montessori Perugia","description":"Scuola paritaria bilingue","publisher":{"@id":"https:\/\/www.centrointernazionalemontessori.com\/website\/#organization"},"potentialAction":[{"@type":"SearchAction","target":{"@type":"EntryPoint","urlTemplate":"https:\/\/www.centrointernazionalemontessori.com\/website\/?s={search_term_string}"},"query-input":{"@type":"PropertyValueSpecification","valueRequired":true,"valueName":"search_term_string"}}],"inLanguage":"it-IT"},{"@type":"Organization","@id":"https:\/\/www.centrointernazionalemontessori.com\/website\/#organization","name":"Centro Internazionale Maria Montessori Perugia","url":"https:\/\/www.centrointernazionalemontessori.com\/website\/","logo":{"@type":"ImageObject","inLanguage":"it-IT","@id":"https:\/\/www.centrointernazionalemontessori.com\/website\/#\/schema\/logo\/image\/","url":"https:\/\/www.centrointernazionalemontessori.com\/website\/wp-content\/uploads\/2024\/03\/logo-web.png","contentUrl":"https:\/\/www.centrointernazionalemontessori.com\/website\/wp-content\/uploads\/2024\/03\/logo-web.png","width":500,"height":500,"caption":"Centro Internazionale Maria Montessori Perugia"},"image":{"@id":"https:\/\/www.centrointernazionalemontessori.com\/website\/#\/schema\/logo\/image\/"},"sameAs":["https:\/\/www.facebook.com\/centromontessoriperugia","https:\/\/www.instagram.com\/centrointernazionalemontessori\/","https:\/\/www.youtube.com\/@ScuolaMontessoriPg"]}]}},"_links":{"self":[{"href":"https:\/\/www.centrointernazionalemontessori.com\/website\/wp-json\/wp\/v2\/pages\/11493","targetHints":{"allow":["GET"]}}],"collection":[{"href":"https:\/\/www.centrointernazionalemontessori.com\/website\/wp-json\/wp\/v2\/pages"}],"about":[{"href":"https:\/\/www.centrointernazionalemontessori.com\/website\/wp-json\/wp\/v2\/types\/page"}],"author":[{"embeddable":true,"href":"https:\/\/www.centrointernazionalemontessori.com\/website\/wp-json\/wp\/v2\/users\/1"}],"replies":[{"embeddable":true,"href":"https:\/\/www.centrointernazionalemontessori.com\/website\/wp-json\/wp\/v2\/comments?post=11493"}],"version-history":[{"count":31,"href":"https:\/\/www.centrointernazionalemontessori.com\/website\/wp-json\/wp\/v2\/pages\/11493\/revisions"}],"predecessor-version":[{"id":12780,"href":"https:\/\/www.centrointernazionalemontessori.com\/website\/wp-json\/wp\/v2\/pages\/11493\/revisions\/12780"}],"wp:attachment":[{"href":"https:\/\/www.centrointernazionalemontessori.com\/website\/wp-json\/wp\/v2\/media?parent=11493"}],"curies":[{"name":"wp","href":"https:\/\/api.w.org\/{rel}","templated":true}]}}